{"id":1976,"date":"2026-08-15T01:34:21","date_gmt":"2026-08-14T22:34:21","guid":{"rendered":"https:\/\/madlienasvidusskola.lv\/madliena\/?page_id=1976"},"modified":"2026-08-15T13:26:53","modified_gmt":"2026-08-15T10:26:53","slug":"individualais-darbs","status":"publish","type":"page","link":"https:\/\/www.madlienasvidusskola.lv\/madliena\/par-skolu\/individualais-darbs\/","title":{"rendered":"Individu\u0101lais darbs"},"content":{"rendered":"<p style=\"text-align: justify;\">Katram skolot\u0101jam ned\u0113\u013c\u0101 ir noteikts laiks individu\u0101lajam darbam ar skol\u0113niem. \u0160aj\u0101 laik\u0101 skol\u0113ns var sa\u0146emt papildu skaidrojumu par m\u0101c\u012bbu vielu, uzrakst\u012bt kav\u0113to p\u0101rbaudes darbu vai sagatavoties olimpi\u0101dei.<\/p>\n<p style=\"text-align: justify;\">Uz individu\u0101laj\u0101m nodarb\u012bb\u0101m skol\u0113ns ierodas p\u0113c vieno\u0161an\u0101s ar attiec\u012bgo skolot\u0101ju.<\/p>\n<table>\n<tbody>\n<tr>\n<th style=\"padding: 12px 16px;\" scope=\"col\">Skolot\u0101js<\/th>\n<th style=\"padding: 12px 16px;\" scope=\"col\">Nodarb\u012bbu laiks<\/th>\n<\/tr>\n<tr>\n<td>Asare Maira<\/td>\n<td>Piektdiena 14.30\u201315.30<\/td>\n<\/tr>\n<tr>\n<td>Atmata Gunta<\/td>\n<td>Pirmdiena 15.00\u201315.50<\/td>\n<\/tr>\n<tr>\n<td>Atsl\u0113dzi\u0146a M\u0101ra<\/td>\n<td>Otrdiena 13.40\u201314.40<br \/>\nTre\u0161diena 13.00\u201314.00<\/td>\n<\/tr>\n<tr>\n<td>Aug\u0161puls Henrijs<\/td>\n<td>Piektdiena 7.50\u20138.30<\/td>\n<\/tr>\n<tr>\n<td>B\u0113rente Inga<\/td>\n<td>Otrdiena 11.00\u201311.30<\/td>\n<\/tr>\n<tr>\n<td>Bite Dace<\/td>\n<td>Otrdiena 15.30\u201316.10<\/td>\n<\/tr>\n<tr>\n<td>Di\u0161ereite Marina<\/td>\n<td>Piektdiena 12.45\u201314.10<\/td>\n<\/tr>\n<tr>\n<td>Gri\u0146evi\u010da Vineta<\/td>\n<td>Pirmdiena 13.00\u201314.55<\/td>\n<\/tr>\n<tr>\n<td>J\u0101kobsone Anita<\/td>\n<td>Pirmdiena 13.50\u201314.30<br \/>\nTre\u0161diena 13.50\u201314.30<br \/>\nCeturtdiena 13.50\u201314.45<\/td>\n<\/tr>\n<tr>\n<td>J\u0113kabsone Vija<\/td>\n<td>Otrdiena 14.30\u201315.30<br \/>\nCeturtdiena 13.00\u201314.05<\/td>\n<\/tr>\n<tr>\n<td>Kalni\u0146a Vanda<\/td>\n<td>Tre\u0161diena 13.50\u201315.00<\/td>\n<\/tr>\n<tr>\n<td>Ku\u0161nire Signe<\/td>\n<td>Otrdiena 12.00\u201313.40<\/td>\n<\/tr>\n<tr>\n<td>Me\u017eajeva Iveta<\/td>\n<td>Pirmdiena, otrdiena, piektdiena 8.00\u20138.25<br \/>\nTre\u0161diena 14.30\u201315.25<\/td>\n<\/tr>\n<tr>\n<td>Me\u017eajevs Edgars<\/td>\n<td>Otrdiena 15.20\u201316.00<\/td>\n<\/tr>\n<tr>\n<td>O\u0161a Inta<\/td>\n<td>Pirmdiena 13.00\u201314.00<br \/>\nOtrdiena 14.30\u201315.20<\/td>\n<\/tr>\n<tr>\n<td>Oto \u0112riks Ein\u0101rs<\/td>\n<td>Pirmdiena 15.20\u201316.20<\/td>\n<\/tr>\n<tr>\n<td>Pu\u010dekaite Rita<\/td>\n<td>Pirmdiena 13.50\u201314.30<br \/>\nOtrdiena 13.50\u201314.15<br \/>\nCeturtdiena 7.50\u20138.15<\/td>\n<\/tr>\n<tr>\n<td>Purvi\u0146a Solveiga<\/td>\n<td>Pirmdiena 13.50\u201314.50<br \/>\nCeturtdiena 13.50\u201314.30<\/td>\n<\/tr>\n<tr>\n<td>Rid\u016bze Ligita<\/td>\n<td>Tre\u0161diena 14.30\u201316.00<\/td>\n<\/tr>\n<tr>\n<td>Rosicka Daiga<\/td>\n<td>Tre\u0161diena 14.30\u201315.20<br \/>\nPiektdiena 14.30\u201315.10<\/td>\n<\/tr>\n<tr>\n<td>Saul\u012bte Zinta<\/td>\n<td>Pirmdiena 8.00\u20138.20<br \/>\nCeturtdiena 14.30\u201315.20<\/td>\n<\/tr>\n<tr>\n<td>Smil\u0161kalne Ilze<\/td>\n<td>Tre\u0161diena 13.00\u201313.40<br \/>\nPiektdiena 8.10\u20138.30 un 13.00\u201313.40<\/td>\n<\/tr>\n<tr>\n<td>V\u012btoli\u0146a Mariko<\/td>\n<td>Pirmdiena 14.30\u201316.20<\/td>\n<\/tr>\n<tr>\n<td>Volkovi\u010da Krista<\/td>\n<td>Otrdiena 14.00\u201314.20<\/td>\n<\/tr>\n<tr>\n<td>Zamarina Daiga<\/td>\n<td>Ceturtdiena 8.00\u20138.20<\/td>\n<\/tr>\n<\/tbody>\n<\/table>\n","protected":false},"excerpt":{"rendered":"<p>Katram skolot\u0101jam ned\u0113\u013c\u0101 ir noteikts laiks individu\u0101lajam darbam ar skol\u0113niem. \u0160aj\u0101 laik\u0101 skol\u0113ns var sa\u0146emt papildu skaidrojumu par m\u0101c\u012bbu vielu, uzrakst\u012bt kav\u0113to p\u0101rbaudes darbu vai sagatavoties olimpi\u0101dei. Uz individu\u0101laj\u0101m nodarb\u012bb\u0101m skol\u0113ns ierodas p\u0113c vieno\u0161an\u0101s ar attiec\u012bgo skolot\u0101ju. Skolot\u0101js Nodarb\u012bbu laiks Asare Maira Piektdiena 14.30\u201315.30 Atmata Gunta Pirmdiena 15.00\u201315.50 Atsl\u0113dzi\u0146a M\u0101ra Otrdiena 13.40\u201314.40 Tre\u0161diena 13.00\u201314.00 Aug\u0161puls [&hellip;]<\/p>\n","protected":false},"author":10,"featured_media":2147,"parent":140,"menu_order":0,"comment_status":"closed","ping_status":"closed","template":"","meta":{"_acf_changed":false,"footnotes":""},"class_list":["post-1976","page","type-page","status-publish","has-post-thumbnail","hentry"],"acf":[],"_links":{"self":[{"href":"https:\/\/www.madlienasvidusskola.lv\/madliena\/wp-json\/wp\/v2\/pages\/1976","targetHints":{"allow":["GET"]}}],"collection":[{"href":"https:\/\/www.madlienasvidusskola.lv\/madliena\/wp-json\/wp\/v2\/pages"}],"about":[{"href":"https:\/\/www.madlienasvidusskola.lv\/madliena\/wp-json\/wp\/v2\/types\/page"}],"author":[{"embeddable":true,"href":"https:\/\/www.madlienasvidusskola.lv\/madliena\/wp-json\/wp\/v2\/users\/10"}],"replies":[{"embeddable":true,"href":"https:\/\/www.madlienasvidusskola.lv\/madliena\/wp-json\/wp\/v2\/comments?post=1976"}],"version-history":[{"count":2,"href":"https:\/\/www.madlienasvidusskola.lv\/madliena\/wp-json\/wp\/v2\/pages\/1976\/revisions"}],"predecessor-version":[{"id":2144,"href":"https:\/\/www.madlienasvidusskola.lv\/madliena\/wp-json\/wp\/v2\/pages\/1976\/revisions\/2144"}],"up":[{"embeddable":true,"href":"https:\/\/www.madlienasvidusskola.lv\/madliena\/wp-json\/wp\/v2\/pages\/140"}],"wp:featuredmedia":[{"embeddable":true,"href":"https:\/\/www.madlienasvidusskola.lv\/madliena\/wp-json\/wp\/v2\/media\/2147"}],"wp:attachment":[{"href":"https:\/\/www.madlienasvidusskola.lv\/madliena\/wp-json\/wp\/v2\/media?parent=1976"}],"curies":[{"name":"wp","href":"https:\/\/api.w.org\/{rel}","templated":true}]}}