{"id":2030,"date":"2026-08-15T01:52:01","date_gmt":"2026-08-14T22:52:01","guid":{"rendered":"https:\/\/madlienasvidusskola.lv\/madliena\/par-skolu\/karoga-svetki\/karoga-svetki-2025\/"},"modified":"2026-08-15T01:52:01","modified_gmt":"2026-08-14T22:52:01","slug":"karoga-svetki-2025","status":"publish","type":"page","link":"https:\/\/www.madlienasvidusskola.lv\/madliena\/par-skolu\/karoga-svetki\/karoga-svetki-2025\/","title":{"rendered":"Karoga sv\u0113tki 2025"},"content":{"rendered":"<p>Ikgad\u0113jie Karoga sv\u0113tki Madlienas vidusskol\u0101 notika 30. maij\u0101 skolas aktu z\u0101l\u0113. M\u016bzikas pavad\u012bb\u0101 12. un 11. klases skol\u0113ni svin\u012bgi ienesa  Madlienas vidusskolas karogu. Pas\u0101kuma vad\u012bt\u0101jas Krist\u012bnes Povhas aicin\u0101ti, visi kl\u0101teso\u0161ie \u2013 skol\u0113ni, vec\u0101ki un pedagogi \u2013 vienoj\u0101s m\u016bsu valsts himnas dzied\u0101jum\u0101 \u201cDievs, sv\u0113t\u012b Latviju!\u201d. P\u0113c skolas karoga svin\u012bg\u0101s nodo\u0161anas uzklaus\u012bj\u0101m direktora Edgara Vi\u0146\u0137a sv\u0113tku uzruna. Vi\u0146\u0161 ar\u012b pasniedza Izgl\u012bt\u012bbas ministrijas Atzin\u012bbas rakstu  m\u016bsu ilggad\u0113jai biolo\u0123ijas un \u0137\u012bmijas skolot\u0101jai Vandai Kalni\u0146ai par neizs\u012bksto\u0161o ener\u0123iju un kvalitat\u012bvi veikto  darbu skol\u0101 daudzu gadu garum\u0101.<\/p>\n<p>K\u0101 jau katru gadu, ar\u012b \u0161ogad tika sveikti m\u0101c\u012bbu olimpi\u0101\u017eu godalgoto vietu ieguv\u0113ji: Voldem\u0101rs Teika, P\u0113teris Smil\u0161kalns (11.kl.), Signe Liepa (12.kl.), Den\u012bze Nora Dzene (9.kl.), Evel\u012bna Gramo\u013cina (6.kl.). Godin\u0101j\u0101m veiksminiekus konkursos: Just\u012bni M\u016brnieci (12.kl.), Egiju Liepi\u0146u (6.kl.), Esteri Cin\u012bti (1.kl.), Martu Atmatu, Elzu Beikmani, Marku Sta\u0161u (2.kl.), Valteru Baltaci (3.kl.), Megiju Cin\u012bti, Patr\u012bciju Annu Roni, Raienu Perfi\u0161evu, Ain\u0101ru Streili (8.kl.), Sandiju Liepu (10.kl.), Danielu Eni\u0146u, Just\u012bni Klinti (12.kl.), Lindu Di\u0161leri (3.kl.), Melisu Tr\u016bbu, Ievu Kleinbergu (10.kl.). \u0160aj\u0101 m\u0101c\u012bbu gad\u0101 lab\u0101kie sportisti: Valters Leit\u0101ns, Rainers Trainis, Rihards Di\u0161ereits, Armands Juod\u017eonits, Andrejs Kr\u016bmi\u0146\u0161, Ri\u010dards Alekss Rud\u0146iks, Sandris Rudzgailis \u2013 visi 6. klases skol\u0113ni.<\/p>\n<p>Paldies teic\u0101m pedagogiem, kuri veiksm\u012bgi sagatavoju\u0161i m\u016bsu skol\u0113nus olimpi\u0101d\u0113m un konkursiem: pateic\u012bba Intai O\u0161ai, Vandai Kalni\u0146ai, Ievai Jankovskai, Zintai Saul\u012btei, Vijai J\u0113kabsonei, Ivetai Me\u017eajevai, Marinai Di\u0161ereitei, Ligita Rid\u016bzei, Signei Ku\u0161nirei, Daigai Rosickai, Andrim Mi\u0137elsonam. Par akt\u012bvu darbu, sagatavojot skol\u0113nus novada un valsts m\u0113roga sporta sp\u0113l\u0113m un sacens\u012bb\u0101m, paldies Ritai Pu\u010dekaitei un Miervaldim L\u012bc\u012btim.<\/p>\n<p>K\u0101 jau katru gadu, tika pasniegtas ar\u012b Zelta liec\u012bbas, t\u0101s \u0161aj\u0101 m\u0101c\u012bbu gad\u0101 sa\u0146\u0113ma \u0161\u0101di skol\u0113ni: 2. klas\u0113 \u2013 Elza Beikmane, 3. klas\u0113 \u2013 Rodrigo Valners, 4. klas\u0113 \u2013 Samanta J\u0101kobsone, 5. klas\u0113 \u2013 M\u0101ra Spro\u0123e. Savuk\u0101rt Skolas padomes balvu sa\u0146\u0113ma L\u012bga Irb\u012bte (7.kl., vid.v\u0113rt. 9,19 balles), Uz\u0146\u0113m\u0113ju balvu \u2013 Tija Ka\u010danova (11.kl., sekmju k\u0101pin\u0101jums 10,6 %), Rado\u0161uma balvu \u2013 Nikola Markovska (11.kl.).<\/p>\n<p>Sekm\u0113s veiksm\u012bg\u0101kie \u0161aj\u0101 m\u0101c\u012bbu gad\u0101 biju\u0161i: 4. klas\u0113 \u2013 Samanta J\u0101kobsone, Adele Kurti\u0161a, Madara Meija, Em\u012blija Smilga, Laura Stiebri\u0146a; 5. klas\u0113 \u2013 Kristers K\u0101rlis Ronis, M\u0101ra Spro\u0123e, Ernests \u017degods; 6. klas\u0113 \u2013 Rihards Di\u0161ereits, Zane Tumane, Keita \u017dukova; 7. klas\u0113 \u2013 L\u012bga Irb\u012bte, Sanija Torbejeva; 8. klas\u0113 \u2013 \u0122irts Irb\u012btis; 9. klas\u0113 \u2013 Den\u012bze Nora Dzene; 10. klas\u0113 \u2013 Heidija Rim\u0161a; 11. klas\u0113 \u2013 Harijs J\u0101nis Plu\u0123is, Voldem\u0101rs Teika; 12. klas\u0113 \u2013 Signe Liepa, Just\u012bne M\u016brniece.<\/p>\n<p>Karoga sv\u0113tkos paldies peln\u012bju\u0161i daudzi, ar\u012b visi intere\u0161u izgl\u012bt\u012bbas pulci\u0146i, bet \u012bpa\u0161i v\u0113l\u0113j\u0101mies pateikties tiem kult\u016brizgl\u012btojo\u0161ajiem kolekt\u012bviem un vi\u0146u vad\u012bt\u0101jiem, kuri Madlienas vidusskolas v\u0101rdu spodrin\u0101ju\u0161i novad\u0101 un \u0161aj\u0101 vasar\u0101 p\u0101rst\u0101v\u0113s skolu ar dziesm\u0101m un dej\u0101m Latvijas Skolu jaunatnes dziesmu un deju sv\u0113tkos. Paldies kora diri\u0123entei un ar\u012b deju kolekt\u012bvu koncertmeistarei Ivetai  Me\u017eajevai, visa liel\u0101 deju kolekt\u012bva \u201cLien\u012bte\u201d vad\u012bt\u0101jai Vinetai Gri\u0146evi\u010dai, kora koncertmeistarei Sarm\u012btei Paeglei, pateic\u012bba par sv\u0113tku noform\u0113juma veido\u0161anu vizu\u0101l\u0101s m\u0101kslas skolot\u0101jai Sanitai Kova\u013ckovai.<\/p>\n<p>\u012astenojot programmu \u201cLatvijas skolas soma\u201d, \u0161ogad Karoga sv\u0113tkos pie mums ciemoj\u0101s m\u016bzi\u0137i Atis Ievi\u0146\u0161 un K\u0101rlis Mangulsons ar muzik\u0101lu programmu \u201cLe\u0123endas m\u016bzik\u0101\u201d, sirsn\u012bgi pateic\u0101mies m\u0101ksliniekiem un ar\u012b ska\u0146ot\u0101jam Edgaram Me\u017eajevam. Uzgavil\u0113jot visiem skol\u0113niem, vi\u0146u vec\u0101kiem un pedagogiem par kop\u012bgi aizvad\u012bto m\u0101c\u012bbu gadu, v\u0113l\u0113j\u0101m, lai jaukas visiem vasaras br\u012bvdienas, un uz tik\u0161anos atkal Zin\u012bbu dien\u0101!<\/p>\n","protected":false},"excerpt":{"rendered":"<p>Ikgad\u0113jie Karoga sv\u0113tki Madlienas vidusskol\u0101 notika 30. maij\u0101 skolas aktu z\u0101l\u0113. M\u016bzikas pavad\u012bb\u0101 12. un 11. klases skol\u0113ni svin\u012bgi ienesa Madlienas vidusskolas karogu. Pas\u0101kuma vad\u012bt\u0101jas Krist\u012bnes Povhas aicin\u0101ti, visi kl\u0101teso\u0161ie \u2013 skol\u0113ni, vec\u0101ki un pedagogi \u2013 vienoj\u0101s m\u016bsu valsts himnas dzied\u0101jum\u0101 \u201cDievs, sv\u0113t\u012b Latviju!\u201d. P\u0113c skolas karoga svin\u012bg\u0101s nodo\u0161anas uzklaus\u012bj\u0101m direktora Edgara Vi\u0146\u0137a sv\u0113tku uzruna. [&hellip;]<\/p>\n","protected":false},"author":10,"featured_media":2026,"parent":1974,"menu_order":0,"comment_status":"closed","ping_status":"closed","template":"","meta":{"_acf_changed":false,"footnotes":""},"class_list":["post-2030","page","type-page","status-publish","has-post-thumbnail","hentry"],"acf":[],"_links":{"self":[{"href":"https:\/\/www.madlienasvidusskola.lv\/madliena\/wp-json\/wp\/v2\/pages\/2030","targetHints":{"allow":["GET"]}}],"collection":[{"href":"https:\/\/www.madlienasvidusskola.lv\/madliena\/wp-json\/wp\/v2\/pages"}],"about":[{"href":"https:\/\/www.madlienasvidusskola.lv\/madliena\/wp-json\/wp\/v2\/types\/page"}],"author":[{"embeddable":true,"href":"https:\/\/www.madlienasvidusskola.lv\/madliena\/wp-json\/wp\/v2\/users\/10"}],"replies":[{"embeddable":true,"href":"https:\/\/www.madlienasvidusskola.lv\/madliena\/wp-json\/wp\/v2\/comments?post=2030"}],"version-history":[{"count":0,"href":"https:\/\/www.madlienasvidusskola.lv\/madliena\/wp-json\/wp\/v2\/pages\/2030\/revisions"}],"up":[{"embeddable":true,"href":"https:\/\/www.madlienasvidusskola.lv\/madliena\/wp-json\/wp\/v2\/pages\/1974"}],"wp:featuredmedia":[{"embeddable":true,"href":"https:\/\/www.madlienasvidusskola.lv\/madliena\/wp-json\/wp\/v2\/media\/2026"}],"wp:attachment":[{"href":"https:\/\/www.madlienasvidusskola.lv\/madliena\/wp-json\/wp\/v2\/media?parent=2030"}],"curies":[{"name":"wp","href":"https:\/\/api.w.org\/{rel}","templated":true}]}}