{"id":2035,"date":"2026-08-15T01:52:04","date_gmt":"2026-08-14T22:52:04","guid":{"rendered":"https:\/\/madlienasvidusskola.lv\/madliena\/par-skolu\/karoga-svetki\/karoga-svetki-2024\/"},"modified":"2026-08-15T02:02:38","modified_gmt":"2026-08-14T23:02:38","slug":"karoga-svetki-2024","status":"publish","type":"page","link":"https:\/\/www.madlienasvidusskola.lv\/madliena\/par-skolu\/karoga-svetki\/karoga-svetki-2024\/","title":{"rendered":"Karoga sv\u0113tki 2024"},"content":{"rendered":"<p>31. maij\u0101, p\u0113d\u0113j\u0101 skolas m\u0101c\u012bbu gada dien\u0101, Madlienas vidusskol\u0101 tiek atz\u012bm\u0113ti Karoga sv\u0113tki. \u0160aj\u0101 dien\u0101 12. klases skol\u0113ni nodod skolas karogu n\u0101kamajiem divpadsmitajiem, t\u0101d\u0113j\u0101di uzticot glab\u0101t skolas trad\u012bcijas un v\u0113rt\u012bbas. Karoga sv\u0113tkos tradicion\u0101li sak\u0101m paldies jaunie\u0161iem, kuri veiksm\u012bgi aizst\u0101v\u0113ju\u0161i skolas godu m\u0101c\u012bbu priek\u0161metu olimpi\u0101d\u0113s, \u2013 R.Gradovskis (12.kl.), H.J.Plu\u0123is, L.Kalni\u0146a, P.Smil\u0161kalns (10.kl.), T.E.Rone (9.kl.), L.Irb\u012bte (6.kl.) \u2013 un sporta sp\u0113l\u0113s un sacens\u012bb\u0101s \u2013 R.Boreiko (10.kl.), E.Ma\u010da, D.Traine (6.kl.), V.Leit\u0101ns, R.Trainis (5.kl.). Pas\u0101kum\u0101 tika teikts paldies skol\u0113niem, kuri biju\u0161i veiksm\u012bgi konkursos un intere\u0161u izgl\u012bt\u012bbas aktivit\u0101t\u0113s \u2013 T.E.Rone (9.kl.), E.E.Fi\u0161ere (12.kl.), J.M\u016brniece, J.Klints (11.kl.), P.A.Rone (7.kl.), E.Gramo\u013cina (5.kl.), S.J\u0101kobsone (3.kl.), M.Atmata, un M.Sta\u0161s (1.kl.).<\/p>\n<p>Skolas padome jau desmito gadu jaunie\u0161iem pasniedz savas iedibin\u0101t\u0101s balvas \u2013 Skolas padomes balvu \u2013 jaunietim ar visaugst\u0101kajiem m\u0101c\u012bbu sasniegumiem, \u0161ogad 12. klases skol\u0113nam Rinaldam Gradovskim (vid.v\u0113rt. 9,78 balles); Uz\u0146\u0113m\u0113ju balvu \u2013 jaunietim ar visstrauj\u0101ko sekmju k\u0101pin\u0101jumu \u2013 12. klases skolniecei El\u012bzai Evel\u012bnai Fi\u0161erei (sekmju k\u0101pin\u0101jums 15,0%); Rado\u0161uma balvu \u2013 jaunietim, kura aktivit\u0101te un rado\u0161ums paman\u0101ms skolas un \u0101rpusskolas m\u0113roga pas\u0101kumos \u2013 9. klases skolniecei Ter\u0113zai Elzai Ronei. \u0160\u012bs balvas pasniedza skolas padomes priek\u0161s\u0113d\u0113t\u0101ja K. Kristjansone. Balv\u0101m ir finansi\u0101ls nodro\u0161in\u0101jums 100 EUR apm\u0113r\u0101 katrai.<\/p>\n<p>Skolas galvenais uzdevums ir sniegt skol\u0113niem kvalitat\u012bvas zin\u0101\u0161anas, t\u0101d\u0113\u013c \u012bpa\u0161s gandar\u012bjums par tiem jaunie\u0161iem, kuri ir zin\u0101tk\u0101ri, rado\u0161i un v\u0113las g\u016bt augstus pan\u0101kumus. Ar Atzin\u012bbas rakstiem tika apbalvoti jaunie\u0161i, kuri \u0161ogad m\u0101c\u012bju\u0161ies uz 7.\u201310. ball\u0113m: 12.kl. \u2013 R.Gradovskis, M.Jansons; 10.kl. \u2013 L.Kalni\u0146a, H.J.Plu\u0123is; 9.kl. \u2013 L.Damroze, H.Rim\u0161a, T.E.Rone; 8.kl. \u2013 D.N.Dzene; 7.kl. \u2013 \u0122.Irb\u012btis, P.A.Rone, D.Valnere; 6.kl. \u2013 L.Irb\u012bte, E.Ma\u010da, S.Torbejeva, D.Traine; 5.kl. \u2013 R.Di\u0161ereits; 4.kl. \u2013 M.Spro\u0123e, K.K.Ronis, E.\u017degods. Savuk\u0101rt 2.\u20135. kla\u0161u skol\u0113ni \u2013  R.Valners, P.Mih\u0146enoka, M.Spro\u0123e un R.Di\u0161ereits \u2013 par augstiem m\u0101c\u012bbu sasniegumiem  sa\u0146\u0113ma Zelta liec\u012bbas.<\/p>\n<p>Atbalsts skolas pas\u0101kumu da\u017e\u0101do\u0161an\u0101 un organiz\u0113\u0161an\u0101 ik gadus ir skol\u0113nu pa\u0161p\u0101rvalde un vi\u0146u darba koordinatore skolot\u0101ja Anita J\u0101kobsone, k\u0101 ar\u012b Eiropas Parlamenta v\u0113stnieki ar koordinatori Ligitu Rid\u016bzi. Ar\u012b vi\u0146iem skolas pateic\u012bbas, bet neliels p\u0101rsteigums, s\u0101koties jaunajam m\u0101c\u012bbu gadam. Lai g\u016btu pan\u0101kumus \u201cliel\u0101s liet\u0101s\u201d un ikdienas darb\u0101, milz\u012bga noz\u012bme ir cilv\u0113kiem blakus, vi\u0146u kompetencei, atbalstam, iedvesmai, t\u0101d\u0113\u013c paldies sak\u0101m m\u016bsu skolot\u0101jiem \u2013 J.Lindei, V.Kalni\u0146ai, Z.Saul\u012btei, M.Atsl\u0113dzi\u0146ai, D.Rosickai, I.O\u0161ai, A.J\u0101kobsonei, L.Rid\u016bzei, V.J\u0113kabsonei, I.Me\u017eajevai, S.Ku\u0161nirei, M.Di\u0161ereitei, K.Zobenai, D.L\u016bsei, D.Zamarinai, M.Asarei, R.Kri\u0161k\u0101nam, V.Gri\u0146evi\u010dai, S.Kova\u013ckovai, \u0112.E.Oto, R.Pu\u010dekaitei, M.L\u012bc\u012btim, M.Viducei-\u0160evelei, I.Smil\u0161kalnei, K.Ma\u010dukai, M.\u0160teinbergai un A.Mi\u0137elsonam.<\/p>\n<p>Karoga sv\u0113tkus vad\u012bja 12. klases skolniece Loreta Ozola. Ar skan\u012bg\u0101m dziesm\u0101m pas\u0101kuma dal\u012bbniekus priec\u0113ja pui\u0161i no grupas \u201cCiti z\u0113ni\u201d \u2013 Dagnis Rozi\u0146\u0161 un Roberts Memm\u0113ns. Par apska\u0146o\u0161anu paldies absolventam Edgaram Me\u017eajevam, par fotograf\u0113\u0161anu un video \u2013 Gunai Br\u012bvulei. Par gaum\u012bgo estr\u0101des noform\u0113jumu patiec\u012bba Anitai J\u0101kobsonei, M\u0101r\u012btei \u0160teinbergai, Ilzei Smil\u0161kalnei. Paldies ar\u012b skolot\u0101jai Marutai Viducei-\u0160evelei un 10. klases skolniecei Nikolai Markovskai.<\/p>\n<p>Priek\u0161\u0101 vasara. Laiks, lai nedaudz atp\u016bstos, uzkr\u0101tu ener\u0123iju un ar jaun\u0101m idej\u0101m dotos t\u0101l\u0101k! Jauku un saulainu vasaru!<\/p>\n<p>Madlienas vidusskolas direktors Edgars Vi\u0146\u0137is<\/p>\n","protected":false},"excerpt":{"rendered":"<p>31. maij\u0101, p\u0113d\u0113j\u0101 skolas m\u0101c\u012bbu gada dien\u0101, Madlienas vidusskol\u0101 tiek atz\u012bm\u0113ti Karoga sv\u0113tki. \u0160aj\u0101 dien\u0101 12. klases skol\u0113ni nodod skolas karogu n\u0101kamajiem divpadsmitajiem, t\u0101d\u0113j\u0101di uzticot glab\u0101t skolas trad\u012bcijas un v\u0113rt\u012bbas. Karoga sv\u0113tkos tradicion\u0101li sak\u0101m paldies jaunie\u0161iem, kuri veiksm\u012bgi aizst\u0101v\u0113ju\u0161i skolas godu m\u0101c\u012bbu priek\u0161metu olimpi\u0101d\u0113s, \u2013 R.Gradovskis (12.kl.), H.J.Plu\u0123is, L.Kalni\u0146a, P.Smil\u0161kalns (10.kl.), T.E.Rone (9.kl.), L.Irb\u012bte (6.kl.) [&hellip;]<\/p>\n","protected":false},"author":10,"featured_media":2055,"parent":1974,"menu_order":0,"comment_status":"closed","ping_status":"closed","template":"","meta":{"_acf_changed":false,"footnotes":""},"class_list":["post-2035","page","type-page","status-publish","has-post-thumbnail","hentry"],"acf":[],"_links":{"self":[{"href":"https:\/\/www.madlienasvidusskola.lv\/madliena\/wp-json\/wp\/v2\/pages\/2035","targetHints":{"allow":["GET"]}}],"collection":[{"href":"https:\/\/www.madlienasvidusskola.lv\/madliena\/wp-json\/wp\/v2\/pages"}],"about":[{"href":"https:\/\/www.madlienasvidusskola.lv\/madliena\/wp-json\/wp\/v2\/types\/page"}],"author":[{"embeddable":true,"href":"https:\/\/www.madlienasvidusskola.lv\/madliena\/wp-json\/wp\/v2\/users\/10"}],"replies":[{"embeddable":true,"href":"https:\/\/www.madlienasvidusskola.lv\/madliena\/wp-json\/wp\/v2\/comments?post=2035"}],"version-history":[{"count":1,"href":"https:\/\/www.madlienasvidusskola.lv\/madliena\/wp-json\/wp\/v2\/pages\/2035\/revisions"}],"predecessor-version":[{"id":2056,"href":"https:\/\/www.madlienasvidusskola.lv\/madliena\/wp-json\/wp\/v2\/pages\/2035\/revisions\/2056"}],"up":[{"embeddable":true,"href":"https:\/\/www.madlienasvidusskola.lv\/madliena\/wp-json\/wp\/v2\/pages\/1974"}],"wp:featuredmedia":[{"embeddable":true,"href":"https:\/\/www.madlienasvidusskola.lv\/madliena\/wp-json\/wp\/v2\/media\/2055"}],"wp:attachment":[{"href":"https:\/\/www.madlienasvidusskola.lv\/madliena\/wp-json\/wp\/v2\/media?parent=2035"}],"curies":[{"name":"wp","href":"https:\/\/api.w.org\/{rel}","templated":true}]}}