{"id":2040,"date":"2026-08-15T01:52:08","date_gmt":"2026-08-14T22:52:08","guid":{"rendered":"https:\/\/madlienasvidusskola.lv\/madliena\/par-skolu\/karoga-svetki\/karoga-svetki-2023\/"},"modified":"2026-08-15T02:02:37","modified_gmt":"2026-08-14T23:02:37","slug":"karoga-svetki-2023","status":"publish","type":"page","link":"https:\/\/www.madlienasvidusskola.lv\/madliena\/par-skolu\/karoga-svetki\/karoga-svetki-2023\/","title":{"rendered":"Karoga sv\u0113tki 2023"},"content":{"rendered":"<p>Tre\u0161dien, 31. maij\u0101, Madlienas vidusskol\u0101 visi kla\u0161u kolekt\u012bvi kop\u0101 ar saviem pedagogiem pulc\u0113j\u0101s vienkopus, lai atz\u012bm\u0113tu ikgad\u0113jos Karoga sv\u0113tkus \u2013 m\u0101c\u012bbu gada nosl\u0113guma dienu. Pirmo reizi \u0161o pas\u0101kumu r\u012bkoj\u0101m br\u012bvdabas estr\u0101d\u0113. Sv\u0113tku ieska\u0146\u0101 svin\u012bgi tika ienests skolas karogs, visi kl\u0101teso\u0161ie kop\u0101 vienoj\u0101s Latvijas valsts himnas dzied\u0101jum\u0101 \u201cDievs, sv\u0113t\u012b Latviju\u201d, p\u0113c tam skolas karogu 12. klases skol\u0113ni svin\u012bgi nodeva 11. klasei, kuri savuk\u0101rt sol\u012bj\u0101s to god\u0101t un apzin\u012bgi r\u016bp\u0113ties par m\u016bsu skolas simbolu. Skol\u0113nus un pedagogus uzrun\u0101ja skolas direktors Edgars Vi\u0146\u0137is un Madlienas pagasta p\u0101rvaldes vad\u012bt\u0101ja pien\u0101kumu izpild\u012bt\u0101js Valdis Anc\u0101ns.<\/p>\n<p>P\u0113c sv\u0113tku uzrun\u0101m notika apbalvo\u0161ana. K\u0101 katru gadu, visi godalgotie m\u0101c\u012bbu olimpi\u0101\u017eu uzvar\u0113t\u0101ji un ar\u012b atsevi\u0161\u0137i sportisti sa\u0146\u0113ma Madlienas pagasta p\u0101rvaldes naudas balvas, olimpie\u0161i, konkursu uzvar\u0113t\u0101ji, sportisti un pedagogi \u2013 ar\u012b Madlienas vidusskolas pateic\u012bbas par sasniegumiem un ieguld\u012bto darbu. Olimpi\u0101\u017eu uzvar\u0113t\u0101ji \u2013 L\u012bga Irb\u012bte (5.kl.), P\u0113teris Smil\u0161kalns, Raivis Andriksons, Harijs J\u0101nis Plu\u0123is, Let\u012bcija Elizabete Ekkerte (9.kl.), Ieva R\u0101be, Rinalds Gradovskis (11.kl.), Keita Lamberte (12.kl.). Sekm\u012bg\u0101kie sporta sacens\u012bb\u0101s \u2013 Armands Juod\u017eonits (4.kl.), L\u012bga Irb\u012bte (5.kl.), Aleksandrs Stavskis (8.kl.), Justs Liepi\u0146\u0161 (10.kl.), Daniela Lamberte (11.kl.). Konkursu laure\u0101ti \u2013 Agate \u0100rente, M\u0101ra Spro\u0123e, Kristers K\u0101rlis Ronis (3.kl.), Megija Cin\u012bte, Patr\u012bcija Anna Rone (6.kl.), Daniela Traine (7.kl.), Ter\u0113za Elza Rone (8.kl.), Nikola Markovska, Let\u012bcija Elizabete Ekkerte (9.kl.), Justs Liepi\u0146\u0161, Daniela Eni\u0146a (10.kl.), Raivo Zanders, Silva K\u013cavi\u0146a, El\u012bza Evel\u012bna Fi\u0161ere (11.kl.). Paldies pedagogiem, kuri sagatavoja skol\u0113nus, \u2013 Intai O\u0161ai, Anitai J\u0101kobsonei, Vandai Kalni\u0146ai, Zintai Saul\u012btei, Daigai Rosickai, M\u0101rai Atsl\u0113dzi\u0146ai, Danai D\u0101tavai, Vijai J\u0113kabsonei, Just\u012bnei Lindei, Ivetai Me\u017eajevai, \u0112rikam Ein\u0101ram Oto, Ritai Pu\u010dekaitei, Miervaldim L\u012bc\u012btim.<\/p>\n<p>T\u0101pat k\u0101 citus gadus, ar\u012b \u0161ogad tika pasniegtas Zelta liec\u012bbas, Skolas padomes balva, Uz\u0146\u0113m\u0113ju balva un Rado\u0161uma balva. Zelta liec\u012bbu sa\u0146\u0113m\u0113ji \u2013 Po\u013cina Mih\u0146enoka (2.kl.), Kristers K\u0101rlis Ronis (3.kl.), Zane Tumane (4.kl.), L\u012bga Irb\u012bte (5.kl.). Skolas padomes balvas laure\u0101ts \u2013 11. klases skolnieks Rinalds Gradovskis (vid. v\u0113rt. 9,0 balles). Madlienas pagasta Uz\u0146\u0113m\u0113ju balvas laure\u0101ts \u2013 10. klases skolnieks Kalvis Veinbergs (sekmju k\u0101pin\u0101jums 14,1%). Rado\u0161uma balvas laure\u0101ts \u2013 9. klases skolnieks Harijs J\u0101nis Plu\u0123is.<\/p>\n<p>Skolas atzin\u012bbas rakstus sa\u0146\u0113ma tie 5. l\u012bdz 12. klases skol\u0113ni, kuri m\u0101c\u012bbu darb\u0101 biju\u0161i visveiksm\u012bg\u0101kie un kuriem liec\u012bb\u0101 ir 7 \u2013 10 balles: Rihards Di\u0161ereits, Valters Leit\u0101ns, Evel\u012bna Gramo\u013cina, S\u0101ra Salgr\u0101ve-Zakovska, Zane Tumane, Keita \u017dukova (4.kl.), L\u012bga Irb\u012bte, Sanija Torbejeva, Den\u012bza Traine (5.kl.), \u0122irts Irb\u012btis, Patr\u012bcija Anna Rone, Deina Valnere (6.kl.), Den\u012bze Nora Dzene (7.kl.), Lelde Damroze, Heidija Rim\u0161a (8.kl.), Raivis Andriksons, Harijs J\u0101nis Plu\u0123is (9.kl.), Just\u012bne M\u016brniece, Kalvis Veinbergs (10.kl.), Rinalds Gradovskis, M\u0101ris Jansons (11.kl.), D\u0101vis Saimons J\u0101kobsons, Elvita Bresme, Agija Masiule (12.kl.).<\/p>\n<p>Pas\u0101kuma izska\u0146\u0101 paldies teic\u0101m ar\u012b  sabiedriski akt\u012bv\u0101kajiem 12. klases skol\u0113niem (Elvita Bresme, Reinis Kurti\u0161s) un visiem intere\u0161u izgl\u012bt\u012bbas pulci\u0146u vad\u012bt\u0101jiem. M\u016bsu Karoga sv\u0113tkus kuplin\u0101ja dzied\u0101t\u0101js JUSTS ar m\u016bsdien\u012bgu m\u016bziku un jautr\u0101m dziesm\u0101m, jaunie\u0161iem t\u012bkamu manieri un stilu. Pas\u0101kuma izska\u0146\u0101 v\u0113lreiz visiem kop\u0101 teic\u0101m paldies \u2013 gan skol\u0113niem, gan pedagogiem, gan vec\u0101kiem par iztur\u012bbu, paciet\u012bbu, cent\u012bbu \u0161aj\u0101 m\u0101c\u012bbu gad\u0101 un v\u0113l\u0113j\u0101m visiem vasar\u0101 uzkr\u0101t pozit\u012bvas emocijas, ener\u0123iju un sp\u0113ku jaunajam m\u0101c\u012bbu gadam un jaunu m\u0113r\u0137u sasnieg\u0161anai! Lai mier\u012bgas un jaukas mums visiem vasaras br\u012bvdienas!<\/p>\n<p>Skolot\u0101jas Maruta Viduce-\u0160evele, Zinta Saul\u012bte<\/p>\n","protected":false},"excerpt":{"rendered":"<p>Tre\u0161dien, 31. maij\u0101, Madlienas vidusskol\u0101 visi kla\u0161u kolekt\u012bvi kop\u0101 ar saviem pedagogiem pulc\u0113j\u0101s vienkopus, lai atz\u012bm\u0113tu ikgad\u0113jos Karoga sv\u0113tkus \u2013 m\u0101c\u012bbu gada nosl\u0113guma dienu. Pirmo reizi \u0161o pas\u0101kumu r\u012bkoj\u0101m br\u012bvdabas estr\u0101d\u0113. Sv\u0113tku ieska\u0146\u0101 svin\u012bgi tika ienests skolas karogs, visi kl\u0101teso\u0161ie kop\u0101 vienoj\u0101s Latvijas valsts himnas dzied\u0101jum\u0101 \u201cDievs, sv\u0113t\u012b Latviju\u201d, p\u0113c tam skolas karogu 12. klases [&hellip;]<\/p>\n","protected":false},"author":10,"featured_media":2053,"parent":1974,"menu_order":0,"comment_status":"closed","ping_status":"closed","template":"","meta":{"_acf_changed":false,"footnotes":""},"class_list":["post-2040","page","type-page","status-publish","has-post-thumbnail","hentry"],"acf":[],"_links":{"self":[{"href":"https:\/\/www.madlienasvidusskola.lv\/madliena\/wp-json\/wp\/v2\/pages\/2040","targetHints":{"allow":["GET"]}}],"collection":[{"href":"https:\/\/www.madlienasvidusskola.lv\/madliena\/wp-json\/wp\/v2\/pages"}],"about":[{"href":"https:\/\/www.madlienasvidusskola.lv\/madliena\/wp-json\/wp\/v2\/types\/page"}],"author":[{"embeddable":true,"href":"https:\/\/www.madlienasvidusskola.lv\/madliena\/wp-json\/wp\/v2\/users\/10"}],"replies":[{"embeddable":true,"href":"https:\/\/www.madlienasvidusskola.lv\/madliena\/wp-json\/wp\/v2\/comments?post=2040"}],"version-history":[{"count":1,"href":"https:\/\/www.madlienasvidusskola.lv\/madliena\/wp-json\/wp\/v2\/pages\/2040\/revisions"}],"predecessor-version":[{"id":2054,"href":"https:\/\/www.madlienasvidusskola.lv\/madliena\/wp-json\/wp\/v2\/pages\/2040\/revisions\/2054"}],"up":[{"embeddable":true,"href":"https:\/\/www.madlienasvidusskola.lv\/madliena\/wp-json\/wp\/v2\/pages\/1974"}],"wp:featuredmedia":[{"embeddable":true,"href":"https:\/\/www.madlienasvidusskola.lv\/madliena\/wp-json\/wp\/v2\/media\/2053"}],"wp:attachment":[{"href":"https:\/\/www.madlienasvidusskola.lv\/madliena\/wp-json\/wp\/v2\/media?parent=2040"}],"curies":[{"name":"wp","href":"https:\/\/api.w.org\/{rel}","templated":true}]}}