{"id":2044,"date":"2026-08-15T01:52:11","date_gmt":"2026-08-14T22:52:11","guid":{"rendered":"https:\/\/madlienasvidusskola.lv\/madliena\/par-skolu\/karoga-svetki\/karoga-svetki-2022\/"},"modified":"2026-08-15T02:02:36","modified_gmt":"2026-08-14T23:02:36","slug":"karoga-svetki-2022","status":"publish","type":"page","link":"https:\/\/www.madlienasvidusskola.lv\/madliena\/par-skolu\/karoga-svetki\/karoga-svetki-2022\/","title":{"rendered":"Karoga sv\u0113tki 2022"},"content":{"rendered":"<p>Otrdien, 31. maij\u0101, plkst. 9:00 Madlienas vidusskolas aktu z\u0101l\u0113 notika Karoga sv\u0113tki. Pas\u0101kuma vad\u012bt\u0101jas, 11. klases skolnieces Elvitas Bresmes aicin\u0101ti, visi kl\u0101teso\u0161ie piec\u0113l\u0101s k\u0101j\u0101s un svin\u012bgi sagaid\u012bja Madlienas vidusskolas karogu, ko ienesa 12. klases p\u0101rst\u0101vji un nodeva to 11. klasei, teikdami: \u201eSarg\u0101jiet to un t\u0101l\u0101k nesiet! Karogs ir kop\u0101 sauc\u0113js,  kop\u0101 tur\u0113t\u0101js, kop\u0101 ie\u0161anas z\u012bme, kas tiek augstu pacelta!\u201d 11. klases skol\u0113ni, to sa\u0146emot, sol\u012bja: \u201eM\u0113s, vienpadsmitie, n\u0101kamie divpadsmitie, ar pilnu atbild\u012bbas saj\u016btu sa\u0146emam no jums   m\u016bsu skolas simbolu \u2013 Madlienas vidusskolas karogu \u2013 un apsol\u0101m r\u016bp\u0113ties par to, tur\u0113t cie\u0146\u0101 un god\u0101, pa\u0161iem apzin\u012bgi m\u0101coties, r\u0101dot person\u012bgo priek\u0161z\u012bmi, t\u0101 mudinot ar\u012b p\u0101r\u0113jos b\u016bt \u012bstiem savas Madlienas vidusskolas patriotiem!\u201d<\/p>\n<p>Pas\u0101kuma turpin\u0101jum\u0101 skolas direktors Edgars Vi\u0146\u0137is ne tikai  uzrun\u0101ja skolas kolekt\u012bvu beidzamaj\u0101 skolas dien\u0101, bet ar\u012b sveica olimpi\u0101\u017eu un konkursu uzvar\u0113t\u0101jus, vi\u0146u pedagogus, sveica m\u0101c\u012bb\u0101s sekm\u012bg\u0101kos 5.-12. klases skol\u0113nus, to skait\u0101 ar\u012b ukrai\u0146us, pasniedza Zelta liec\u012bbas 1.-5. klases skol\u0113niem, sumin\u0101ja sabiedriski un rado\u0161i akt\u012bv\u0101kos vidusskol\u0113nus. V\u0101rds tika dots skolas padomes priek\u0161s\u0113d\u0113t\u0101jai Krist\u012bnei Kristjansonei skolas padomes gada balvas pasnieg\u0161anai, ko sa\u0146\u0113ma 10. klases skolnieks Rinalds Gradovskis. Par iepriecin\u0101jumu visiem \u2013 skolas beidzamaj\u0101 m\u0101c\u012bbu dien\u0101 Madlienas vidusskol\u0101 viesoj\u0101s jaun\u0101 dzied\u0101t\u0101ja Kat\u014d (Anna Zankovska), kura velt\u012bja ne tikai muzik\u0101lus priek\u0161nesumus, bet ar\u012b uzmundrin\u0101juma v\u0101rdus ikvienam. Par jaun\u0101s m\u0101kslinieces iesp\u0113ju b\u016bt pie mums paldies sak\u0101m akcijas \u201eLatvijas skolas soma\u201d finansi\u0101lajam nodro\u0161in\u0101jumam. Svin\u012bg\u0101s da\u013cas nosl\u0113gum\u0101  notika kla\u0161u kolekt\u012bvu fotograf\u0113\u0161an\u0101s, tad visi dev\u0101s uz audzin\u0101\u0161anas stundu, lai sa\u0146emtu \u0161\u012b m\u0101c\u012bbu gada darba v\u0113rt\u0113jumu \u2013 liec\u012bbas! Lai visiem saulains un prieka pilns vasaras br\u012bvlaiks!<\/p>\n","protected":false},"excerpt":{"rendered":"<p>Otrdien, 31. maij\u0101, plkst. 9:00 Madlienas vidusskolas aktu z\u0101l\u0113 notika Karoga sv\u0113tki. Pas\u0101kuma vad\u012bt\u0101jas, 11. klases skolnieces Elvitas Bresmes aicin\u0101ti, visi kl\u0101teso\u0161ie piec\u0113l\u0101s k\u0101j\u0101s un svin\u012bgi sagaid\u012bja Madlienas vidusskolas karogu, ko ienesa 12. klases p\u0101rst\u0101vji un nodeva to 11. klasei, teikdami: \u201eSarg\u0101jiet to un t\u0101l\u0101k nesiet! Karogs ir kop\u0101 sauc\u0113js, kop\u0101 tur\u0113t\u0101js, kop\u0101 ie\u0161anas z\u012bme, [&hellip;]<\/p>\n","protected":false},"author":10,"featured_media":2051,"parent":1974,"menu_order":0,"comment_status":"closed","ping_status":"closed","template":"","meta":{"_acf_changed":false,"footnotes":""},"class_list":["post-2044","page","type-page","status-publish","has-post-thumbnail","hentry"],"acf":[],"_links":{"self":[{"href":"https:\/\/www.madlienasvidusskola.lv\/madliena\/wp-json\/wp\/v2\/pages\/2044","targetHints":{"allow":["GET"]}}],"collection":[{"href":"https:\/\/www.madlienasvidusskola.lv\/madliena\/wp-json\/wp\/v2\/pages"}],"about":[{"href":"https:\/\/www.madlienasvidusskola.lv\/madliena\/wp-json\/wp\/v2\/types\/page"}],"author":[{"embeddable":true,"href":"https:\/\/www.madlienasvidusskola.lv\/madliena\/wp-json\/wp\/v2\/users\/10"}],"replies":[{"embeddable":true,"href":"https:\/\/www.madlienasvidusskola.lv\/madliena\/wp-json\/wp\/v2\/comments?post=2044"}],"version-history":[{"count":1,"href":"https:\/\/www.madlienasvidusskola.lv\/madliena\/wp-json\/wp\/v2\/pages\/2044\/revisions"}],"predecessor-version":[{"id":2052,"href":"https:\/\/www.madlienasvidusskola.lv\/madliena\/wp-json\/wp\/v2\/pages\/2044\/revisions\/2052"}],"up":[{"embeddable":true,"href":"https:\/\/www.madlienasvidusskola.lv\/madliena\/wp-json\/wp\/v2\/pages\/1974"}],"wp:featuredmedia":[{"embeddable":true,"href":"https:\/\/www.madlienasvidusskola.lv\/madliena\/wp-json\/wp\/v2\/media\/2051"}],"wp:attachment":[{"href":"https:\/\/www.madlienasvidusskola.lv\/madliena\/wp-json\/wp\/v2\/media?parent=2044"}],"curies":[{"name":"wp","href":"https:\/\/api.w.org\/{rel}","templated":true}]}}