{"id":2125,"date":"2026-08-15T12:20:23","date_gmt":"2026-08-15T09:20:23","guid":{"rendered":"https:\/\/madlienasvidusskola.lv\/madliena\/par-skolu\/dziesmu-un-deju-svetki\/"},"modified":"2026-08-16T15:02:20","modified_gmt":"2026-08-16T12:02:20","slug":"dziesmu-un-deju-svetki","status":"publish","type":"page","link":"https:\/\/www.madlienasvidusskola.lv\/madliena\/par-skolu\/dziesmu-un-deju-svetki\/","title":{"rendered":"Dziesmu un deju sv\u0113tki"},"content":{"rendered":"<p style=\"text-align: justify;\">No 2025. gada 5. l\u012bdz 13. j\u016blijam R\u012bg\u0101 norisin\u0101j\u0101s XIII Latvijas Skolu jaunatnes dziesmu un deju sv\u0113tki, kuros piedal\u012bj\u0101s t\u016bksto\u0161iem dzied\u0101t\u0101ju, dejot\u0101ju, m\u016bzi\u0137u, folkloras kopu un tautas m\u016bzikas ansamb\u013cu dal\u012bbnieku, akordeonistu, kokl\u0113t\u0101ju, jauno m\u0101kslinieku un aktieru. Madlienas vidusskolu p\u0101rst\u0101v\u0113ja deju kolekt\u012bvs \u201cLien\u012bte\u201d ar tr\u012bs kla\u0161u grup\u0101m \u2013 1.-4.kl., 3.-6.kl. un 5.-9.kl., vi\u0146u vad\u012bt\u0101ja Vineta Gri\u0146evi\u010da. Pal\u012bgi \u2013 skolot\u0101jas Krista Volkovi\u010da, M\u0101ra Atsl\u0113dzi\u0146a, Rita Pu\u010dekaite, k\u0101 ar\u012b skol\u0113nu vec\u0101ki \u2013 Laura Kr\u016bmi\u0146a, Dace Mui\u017eule un Velga Ma\u010da. P\u0113c daudzu gadu p\u0101rtraukuma uz sv\u0113tkiem dev\u0101s ar\u012b Madlienas vidusskolas 4.-10. kla\u0161u koris \u201cRub\u012bns\u201d skolot\u0101jas Ivetas Me\u017eajevas vad\u012bb\u0101. Vi\u0146u pavado\u0161\u0101s personas \u2013 skol\u0113nu mammas Liena Rone un Ieva Straume-\u017degoda. Madlienu p\u0101rst\u0101v\u0113ja ar\u012b kult\u016bras nama jaunie\u0161u deju kolekt\u012bvs \u201cDaina\u201d (vad\u012bt\u0101ja Agrita Kau\u017eena), kur\u0101 dejo daudzi m\u016bsu jaunie\u0161i no 9.-12. klasei.<\/p>\n<h2 style=\"text-align: justify;\">Deju kolekt\u012bvs \u201eLien\u012bte\u201d<\/h2>\n<p style=\"text-align: justify;\">Dejot\u0101ji savu sv\u0113tku ned\u0113\u013cu uzs\u0101ka jau pirmdien\u0101, 7. j\u016blij\u0101, kad, vec\u0101ku laba v\u0113l\u0113jumus sa\u0146\u0113mu\u0161i, dev\u0101s ce\u013c\u0101, lai uzs\u0101ktu spraigo, emocij\u0101m bag\u0101to, nedaudz ar\u012b gr\u016bto, bet \u013coti skaisto un interesanto sv\u0113tku ned\u0113\u013cu. Dal\u012bbnieki bija izmitin\u0101ti R\u012bgas A. Pumpura 11. pamatskol\u0101. No otrdienas s\u0101k\u0101s gari un noslogoti m\u0113\u0123in\u0101jumi Daugavas stadion\u0101. Ceturtdiena, 10. j\u016blijs, bija visatbild\u012bg\u0101k\u0101 diena, jo m\u0113\u0123in\u0101jums notika no r\u012bta l\u012bdz vakaram, kad bija sec\u012bgi j\u0101izdejo visas dejas p\u0113c k\u0101rtas, k\u0101 b\u016bs lielaj\u0101 un skaistaj\u0101 tautas deju lielkoncert\u0101 \u201cEs atv\u0113ru Laimas d\u0101rzu\u201d. M\u016bsu kolekt\u012bvi dejoja \u0161\u0101das dejas: \u201cKalu, kalu k\u0101ji\u0146u\u201d, \u201cKur tad tu?\u201d (1.-4.kl.), \u201cKas me\u017e\u0101 brak\u0161\u0137in\u0101ja\u201d, \u201cMan lust\u012bga dz\u012bvo\u0161ana\u201d (3.-6.kl.), \u201cMeitas pui\u0161us aps\u016bdz\u0113ja\u201d, \u201cP\u0101r devi\u0146i novadi\u0146i\u201d (5.-9.kl.). JDK \u201cDaina\u201d, kas p\u0101rst\u0101v\u0113ja 10.-12.kl. kolekt\u012bvus, skaisti izdejoja piecas dejas: \u201cDruv\u0101 bites dzied\u201d, \u201c\u017deperis Aulejskijs\u201d, \u201cAi, bag\u0101ta man zem\u012bte\u201d, \u201cGovju kazaks\u201d, \u201cPel\u012b\u0161u polka\u201d. 1.-4.kl. grupa m\u0113\u0123in\u0101juma laik\u0101 gatavoja ar\u012b scen\u0101rija st\u0101sta 4. uzdevuma deju \u201cM\u0101cies dejot\u201d, savuk\u0101rt 5.-9.kl. grupa \u2013 antur\u0101\u017eu dejai \u201cMakten\u012bgi r\u0101centi\u0146i\u201d. Pavisam sv\u0113tku pas\u0101kum\u0101 tika iek\u013cautas 23 dejas, bet nosl\u0113gum\u0101 visi izdejoja tik zin\u0101mo etnogr\u0101fisko deju \u201cSudmali\u0146as\u201d, k\u0101 ar\u012b simboliski tika izveidota Zil\u0101 ilgu pu\u0137e. Neparasti \u0161ajos sv\u0113tkos bija pikse\u013cu kr\u0101su raksti, kurus veidoja br\u012bvpr\u0101t\u012bgie un kas tik gaum\u012bgi un skaisti papildin\u0101ja deju lieluzvedumu.<\/p>\n<p style=\"text-align: justify;\">11. j\u016blij\u0101 notika \u0123ener\u0101lm\u0113\u0123in\u0101jums, kur\u0101 piedal\u012bj\u0101s ap 18 t\u016bksto\u0161iem dejot\u0101ju no 808 kolekt\u012bviem. Skaists bija koncerts un pat\u012bkamas emocijas, vien\u012bgi s\u0101pe, ka koncertu n\u0101c\u0101s p\u0101rtraukt tehnisku iemeslu d\u0113\u013c (p\u0113rkons saboj\u0101ja ska\u0146u aparat\u016bru). Palika neizdejotas 6 dejas un fin\u0101ls, ta\u010du viss tika p\u0101rdz\u012bvots, un ar\u012b t\u0101 bija v\u0113rt\u012bga pieredze, k\u0101 r\u012bkoties \u0161\u0101d\u0101 situ\u0101cij\u0101 un neapjukt. T\u0101 k\u0101 lietus dejot\u0101jus bija pamat\u012bgi izm\u0113rc\u0113jis, tad l\u012bdz n\u0101kamajai dienai bija j\u0101iz\u017e\u0101v\u0113 slapj\u0101s pastalas, j\u0101izbalina ze\u0137es, j\u0101izmazg\u0101 bl\u016bzes. Te lieliski pal\u012bgi bija ar\u012b vec\u0101ki, radi, skolas apkalpojo\u0161ais person\u0101ls \u2013 visi iesaist\u012bj\u0101s, lai skol\u0113ni sestdienas koncertam b\u016btu saposti godam, un tas izdev\u0101s! Gustava Atsl\u0113dzi\u0146a br\u0101lis Kristers visiem dejot\u0101jiem un skolot\u0101j\u0101m izmazg\u0101ja balt\u0101s bl\u016bzes, Tomasa Ozerinska mamma un m\u0101sa izt\u012br\u012bja un izbalin\u0101ja ze\u0137es. Skolas apsargs r\u016bp\u0113j\u0101s, lai slapj\u0101s pastali\u0146as, kas izk\u0101rtas uz stat\u012bva, b\u016btu sausas, visu nakti t\u0101s ik pa laikam apgrozot.<\/p>\n<p style=\"text-align: justify;\">12. j\u016blija nosl\u0113guma koncerts bija kr\u0101\u0161\u0146s, izdevies, skol\u0113ni dejojot aizmirsa visas ned\u0113\u013cas nogurumu, ac\u012bs bija degsme un prieks, nosl\u0113gum\u0101 daudziem bira laimes asaras \u2013 par kop\u0101 b\u016b\u0161anu, par savas tautas varen\u012bbu, par latviskuma apzi\u0146u, ka esam da\u013ca no savas valsts, no Latvijas. Un tad v\u0113l jautr\u0101 ball\u012bte, kad visi griez\u0101s deju virpul\u012b, l\u0113k\u0101ja, m\u0113t\u0101ja vainagus, apkamp\u0101s un vienk\u0101r\u0161i bija laim\u012bgi. Madlienas dejot\u0101ji un vi\u0146u pavado\u0161ie saka lielu paldies skolai, kur\u0101 mitin\u0101j\u0101s, jo sajuta viesm\u012bl\u012bbu un r\u016bpes, paldies medic\u012bnas m\u0101si\u0146ai, kura ik pa br\u012bdim bija kl\u0101t un apjaut\u0101j\u0101s, k\u0101 ar vesel\u012bbu, paldies vec\u0101kiem, kuri b\u0113rnus iepriecin\u0101ja ar sald\u0113jumiem, p\u012br\u0101giem, arb\u016bziem. Paldies Gustava Atsl\u0113dzi\u0146a br\u0101lim Kristeram par picu pas\u016bt\u012b\u0161anu mazajai picu ball\u012btei. Ir tik labi, ja pasaule sasl\u0113dzas un visi kop\u0101 ir vienoti un izpal\u012bdz\u012bgi.<\/p>\n<h2 style=\"text-align: justify;\">Koris \u201eRub\u012bns\u201d<\/h2>\n<p style=\"text-align: justify;\">4.-9. kla\u0161u koris \u201cRub\u012bns\u201d sv\u0113tku laik\u0101 dz\u012bvoja R\u012bgas 45. vidusskol\u0101, kur tika viesm\u012bl\u012bgi uz\u0146emti un apr\u016bp\u0113ti. M\u0113\u0123in\u0101jumi s\u0101k\u0101s tre\u0161dien, 9. j\u016blij\u0101, Me\u017eaparka Lielaj\u0101 estr\u0101d\u0113 jeb Sudraba birz\u012b, un tajos piedal\u012bj\u0101s ar\u012b pavado\u0161ie cilv\u0113ki, kuri parasti dzied\u0101ja l\u012bdzi, un mammas (kuras pa\u0161as reiz ir piedal\u012bju\u0161as skol\u0113nu dziesmu sv\u0113tkos) daudzas dziesmas iem\u0101c\u012bj\u0101s k\u0101 no jauna. Bija r\u012bta un vakara m\u0113\u0123in\u0101jumi, ar\u012b laikapst\u0101k\u013ci da\u017e\u0101di \u2013 gan lietus uzlija, gan saule sp\u012bd\u0113ja. Z\u012bm\u012bgi, ka piektdienas m\u0113\u0123in\u0101jum\u0101, kad ducin\u0101ja p\u0113rkons, skol\u0113ni dzied\u0101ja dziesmu \u201cSaule, P\u0113rkons, Daugava\u201d. P\u0113c lietain\u0101 m\u0113\u0123in\u0101juma vienam dzied\u0101t\u0101jam dziesmu gr\u0101mati\u0146a bija \u013coti izmirkusi, ta\u010du mamma Liena Rone pielika visas p\u016bles, lai ar f\u0113nu to iz\u017e\u0101v\u0113tu. Z\u012bm\u012bgaj\u0101 piektdienas m\u0113\u0123in\u0101jum\u0101 no r\u012bta skol\u0113nus izklaid\u0113ja dziedo\u0161ais autobuss, uz kura jautri dzied\u0101ja Fi\u0146\u0137is un Patrisha. Skol\u0113ni var\u0113ja papriec\u0101ties, izl\u0113k\u0101ties un izklaid\u0113ties. M\u0113\u0123in\u0101jumi bija fiziski gr\u016bti un laikietilp\u012bgi, ta\u010du m\u016bsu jaunie\u0161i tos godam iztur\u0113ja. Starplaikos var\u0113ja gan pastaig\u0101ties pa zoolo\u0123isko d\u0101rzu, gan V\u0113rma\u0146a d\u0101rz\u0101 izbaud\u012bt tirdzi\u0146u un amatnieku darbn\u012bcas. Ar\u012b vec\u0101ki atbalst\u012bja, cik vien var\u0113ja, lutinot skol\u0113nus ar og\u0101m un arb\u016bziem, kuri tika atvesti uz R\u012bgas 45. vidusskolu. Gan sestdienas, gan sv\u0113tdienas koncertam tika sag\u0101d\u0101ti br\u016bklen\u0101ju vainadzi\u0146i, un to visu paveica atsauc\u012bgie b\u0113rnu vec\u0101ki.<\/p>\n<p style=\"text-align: justify;\">Madlienas vidusskolas kor\u012b dzied 18 jaunie\u0161i, 8 no vi\u0146iem ir dejot\u0101ji, kuri s\u0101kum\u0101 izbaud\u012bja deju m\u0113\u0123in\u0101jumus un koncertu, ta\u010du sestdien un sv\u0113tdien piedal\u012bj\u0101s lielaj\u0101 koncert\u0101. K\u0101das ir Madlienas skol\u0113nu m\u012b\u013c\u0101k\u0101s dziesmas? Katram jau t\u0101 ir sava, ta\u010du tuvas ir \u201cTavs karogs\u201d, \u201cPop\u016brijs\u201d (1980. gadu popul\u0101r\u0101k\u0101s dziesmas), R. Kaupera dziesmas \u2013 \u201cPar mezgliem\u201d, \u201cMana dziesma\u201d. Un ir tik pat\u012bkami dzied\u0101t ar Latvij\u0101 zin\u0101miem dzied\u0101t\u0101jiem, k\u0101 R. Kaupers, J. St\u012bbelis, J. Ai\u0161purs, I. \u0136uzule-Skrasti\u0146a, A. Skrasti\u0146\u0161 u.c.<\/p>\n<p style=\"text-align: justify;\">\u0122ener\u0101lm\u0113\u0123in\u0101jums sekm\u012bgi aizrit\u0113ja 12. j\u016blij\u0101 ar vair\u0101k nek\u0101 11 t\u016bksto\u0161iem dzied\u0101t\u0101ju. Koncerta nosaukums \u201cTE-AUST\u201d. Piedal\u012bj\u0101s ar\u012b deju kolekt\u012bvi, p\u016bt\u0113ju or\u0137estri un folkloras kopas, solisti un instrument\u0101l\u0101 grupa. Nosl\u0113guma koncerts notika 13. j\u016blij\u0101. Tas bija \u013coti emocion\u0101ls, pies\u0101tin\u0101ts, skan\u012bgs un m\u016bsdien\u012bgs pas\u0101kums, kur\u0101 ikvienam vair\u0101k iepukst\u0113j\u0101s sirds, no savi\u013c\u0146ojuma bira prieka asaras, kur\u0101 jaunie\u0161i pier\u0101d\u012bja savu var\u0113\u0161anu, dziesmas m\u012blest\u012bbu, sp\u0113ku un savu pieder\u012bbu Latvijai. Ar\u012b skat\u012bt\u0101ji dz\u012bvoja l\u012bdzi, c\u0113l\u0101s k\u0101j\u0101s, dzied\u0101ja, l\u012bdz Me\u017eaparks sapl\u016bda vienot\u0101 kopkor\u012b. Iespaid\u012bgs bija skat\u012bt\u0101ju veidotais Latvijas karogs (no programmi\u0146\u0101m, kur\u0101s domin\u0113ja balt\u0101 un karm\u012bnsarkan\u0101 kr\u0101sa), kad tika izpild\u012bta dziesma \u201cTavs karogs\u201d. Un vai nav br\u012bni\u0161\u0137\u012bgi, ka skol\u0113ni nosl\u0113gum\u0101 sauca v\u0113lreiz dzied\u0101t \u201cGaismas pili\u201d? Tas liecina par sp\u0113ku m\u016bsu jaunie\u0161os un v\u0113lmi turpin\u0101t latviskuma trad\u012bcijas. P\u0113c koncerta jautr\u0101 sadzied\u0101\u0161an\u0101s ball\u012bte \u2013 tas viss rad\u012bja jauku un pacil\u0101jo\u0161u saj\u016btu \u2013 k\u0101 jau \u012bstos sv\u0113tkos.<\/p>\n<h2 style=\"text-align: justify;\">Sv\u0113tku g\u0101jiens<\/h2>\n<p style=\"text-align: justify;\">13. j\u016blij\u0101 no r\u012bta notika Sv\u0113tku g\u0101jiens, kuram visi \u013coti gatavoj\u0101s. \u012apa\u0161ais paldies skolot\u0101j\u0101m Marutai Viducei-\u0160evelei un Anitai J\u0101kobsonei, b\u0113rnu lieliskaj\u0101m mamm\u0101m \u2013 Madaras Stau\u017eas, Martas Atmatas, Gustava Atsl\u0113dzi\u0146a, Kl\u0101va Valnera, Tomasa Ozerinska mamm\u0101m. T\u0101 k\u0101 Madlienas karoga galven\u0101 z\u012bme ir ozola lapi\u0146as, tad katram g\u0101jiena dal\u012bbniekam bija sagatavota ozola v\u012bte ar kr\u0101sain\u0101m lent\u012bt\u0113m \u2013 za\u013cu, sarkanu un dzeltenu, k\u0101 ar\u012b rok\u0101s bija Ogres novada pa\u0161vald\u012bbas sar\u016bp\u0113ts Latvijas karodzi\u0146\u0161 ar uzrakstu otr\u0101 pus\u0113 \u2013 OGRE. Meiten\u0113m bija nop\u012bti ziedu vainadzi\u0146i. \u012apa\u0161i uzteicamas ir 1.-4.kl. deju kolekt\u012bva mammas \u2013 Gustava Atsl\u0113dzi\u0146a un Kl\u0101va Valnera mamma, kuras vis\u0101m maz\u0101 deju kolekt\u012bva meiten\u0113m un skolot\u0101j\u0101m nopina vainadzi\u0146us. Madlienu g\u0101jien\u0101 p\u0101rst\u0101v\u0113ja vair\u0101k nek\u0101 100 dal\u012bbnieku. P\u0113c \u0161\u012b reprezentat\u012bv\u0101 pas\u0101kuma Madlienas vidusskolas vad\u012bba bija sar\u016bp\u0113jusi visiem cienastu un pateic\u0101s par ieguld\u012bto darbu un r\u016bp\u0113m. Atskatoties uz \u0161o ned\u0113\u013cu, skolot\u0101ja Krista Volkovi\u010da atzina: \u201eBija gr\u016bt\u0101k, nek\u0101 dom\u0101ju, bet skaist\u0101k, nek\u0101 cer\u0113ju!\u201d<\/p>\n<p style=\"text-align: justify;\">Protams, tikai kop\u0101 var\u0113ja sasnieg skaist\u0101s virsotnes, kad netika dom\u0101ts par savu labumu, bet visi sasl\u0113dz\u0101s k\u0101 viens veselums un dar\u012bja, cik labi vien var\u0113ja. K\u0101 \u010daklas bit\u012btes visu sv\u0113tku ned\u0113\u013cas laiku darboj\u0101s \u0161ofer\u012b\u0161i \u2013 Valdis Ku\u0161nirs, M\u0101rti\u0146\u0161 Me\u017eajevs, Helmuts Brenc\u0113ns un autobusa vad\u012bt\u0101js no R\u012bgas \u2013 Gints Kr\u0113sli\u0146\u0161. Paldies vi\u0146iem. Kopum\u0101 sv\u0113tki ir izdevu\u0161ies, un to atz\u012bst ar\u012b liel\u0101 pas\u0101kuma organizatori. Vi\u0146us p\u0101rsteidza Latvijas skolu b\u0113rnu un jaunie\u0161u pozit\u012bv\u0101 attieksme, darboties prieks, organiz\u0113t\u012bba, disciplin\u0113t\u012bba un k\u0101rt\u012bgums. Ir laba saj\u016bta par m\u016bsu jaunie\u0161iem, ir p\u0101rliec\u012bba, ka Latvija ir lab\u0101s rok\u0101s, ka t\u0101 v\u0113l ilgi dejos, dzied\u0101s, muzic\u0113s.<\/p>\n<p style=\"text-align: justify;\"><em>Kolekt\u012bvu vad\u012bt\u0101jus uzklaus\u012bja un materi\u0101lu apkopoja skolot\u0101ja Zinta Saul\u012bte<\/em><\/p>\n","protected":false},"excerpt":{"rendered":"<p>No 2025. gada 5. l\u012bdz 13. j\u016blijam R\u012bg\u0101 norisin\u0101j\u0101s XIII Latvijas Skolu jaunatnes dziesmu un deju sv\u0113tki, kuros piedal\u012bj\u0101s t\u016bksto\u0161iem dzied\u0101t\u0101ju, dejot\u0101ju, m\u016bzi\u0137u, folkloras kopu un tautas m\u016bzikas ansamb\u013cu dal\u012bbnieku, akordeonistu, kokl\u0113t\u0101ju, jauno m\u0101kslinieku un aktieru. Madlienas vidusskolu p\u0101rst\u0101v\u0113ja deju kolekt\u012bvs \u201cLien\u012bte\u201d ar tr\u012bs kla\u0161u grup\u0101m \u2013 1.-4.kl., 3.-6.kl. un 5.-9.kl., vi\u0146u vad\u012bt\u0101ja Vineta Gri\u0146evi\u010da. [&hellip;]<\/p>\n","protected":false},"author":10,"featured_media":2124,"parent":140,"menu_order":0,"comment_status":"closed","ping_status":"closed","template":"","meta":{"_acf_changed":false,"footnotes":""},"class_list":["post-2125","page","type-page","status-publish","has-post-thumbnail","hentry"],"acf":[],"_links":{"self":[{"href":"https:\/\/www.madlienasvidusskola.lv\/madliena\/wp-json\/wp\/v2\/pages\/2125","targetHints":{"allow":["GET"]}}],"collection":[{"href":"https:\/\/www.madlienasvidusskola.lv\/madliena\/wp-json\/wp\/v2\/pages"}],"about":[{"href":"https:\/\/www.madlienasvidusskola.lv\/madliena\/wp-json\/wp\/v2\/types\/page"}],"author":[{"embeddable":true,"href":"https:\/\/www.madlienasvidusskola.lv\/madliena\/wp-json\/wp\/v2\/users\/10"}],"replies":[{"embeddable":true,"href":"https:\/\/www.madlienasvidusskola.lv\/madliena\/wp-json\/wp\/v2\/comments?post=2125"}],"version-history":[{"count":2,"href":"https:\/\/www.madlienasvidusskola.lv\/madliena\/wp-json\/wp\/v2\/pages\/2125\/revisions"}],"predecessor-version":[{"id":2185,"href":"https:\/\/www.madlienasvidusskola.lv\/madliena\/wp-json\/wp\/v2\/pages\/2125\/revisions\/2185"}],"up":[{"embeddable":true,"href":"https:\/\/www.madlienasvidusskola.lv\/madliena\/wp-json\/wp\/v2\/pages\/140"}],"wp:featuredmedia":[{"embeddable":true,"href":"https:\/\/www.madlienasvidusskola.lv\/madliena\/wp-json\/wp\/v2\/media\/2124"}],"wp:attachment":[{"href":"https:\/\/www.madlienasvidusskola.lv\/madliena\/wp-json\/wp\/v2\/media?parent=2125"}],"curies":[{"name":"wp","href":"https:\/\/api.w.org\/{rel}","templated":true}]}}