{"id":895,"date":"2021-06-22T20:02:33","date_gmt":"2021-06-22T17:02:33","guid":{"rendered":"https:\/\/madlienasvidusskola.lv\/pirmsskola\/?page_id=895"},"modified":"2026-08-15T13:27:53","modified_gmt":"2026-08-15T10:27:53","slug":"skolas-padome","status":"publish","type":"page","link":"https:\/\/www.madlienasvidusskola.lv\/madliena\/par-skolu\/skolas-padome\/","title":{"rendered":"Skolas padome"},"content":{"rendered":"<p>Skolas padome ir vec\u0101ku, pedagogu un skol\u0113nu p\u0101rst\u0101vju kopa, kas piedal\u0101s skolas darba pl\u0101no\u0161an\u0101 un lemj par jaut\u0101jumiem, kuri skar visu skolas saimi.<\/p>\n<p>Skolas padome apstiprina skolas darba priorit\u0101tes m\u0101c\u012bbu gadam, izskata izmai\u0146as v\u0113rt\u0113\u0161anas un \u0113din\u0101\u0161anas k\u0101rt\u012bb\u0101 un iesaka risin\u0101jumus jaut\u0101jumiem, ko izvirza vec\u0101ki. Padome ar\u012b pie\u0161\u0137ir skolas balvas \u2014 Skolas padomes balvu par izciliem m\u0101c\u012bbu sasniegumiem, Uz\u0146\u0113m\u0113ju balvu par strauj\u0101ko sekmju k\u0101pin\u0101jumu un Rado\u0161uma balvu \u2014, kuras svin\u012bgi pasniedz m\u0101c\u012bbu gada nosl\u0113gum\u0101 Karoga sv\u0113tkos.<\/p>\n<h2>Skolas padomes sast\u0101vs<\/h2>\n<p>Padom\u0113 darbojas katras klases vec\u0101ku p\u0101rst\u0101vji, skolas pedagogi un skol\u0113nu pa\u0161p\u0101rvaldes dele\u0123\u0113tie skol\u0113ni. Vec\u0101ku p\u0101rst\u0101vjus iev\u0113l kla\u0161u vec\u0101ku sapulc\u0113s m\u0101c\u012bbu gada s\u0101kum\u0101.<\/p>\n<p><a href=\"https:\/\/www.madlienasvidusskola.lv\/madliena\/wp-content\/uploads\/sites\/2\/2026\/08\/Sk.vec_.pad_sastavs_2025_26.pdf\" target=\"_blank\" rel=\"noopener\">Skolas vec\u0101ku padomes sast\u0101vs 2025.\/2026. m\u0101c\u012bbu gadam (PDF)<\/a><\/p>\n<h2>Padomes s\u0113des<\/h2>\n<p>Padome san\u0101k vair\u0101kas reizes m\u0101c\u012bbu gad\u0101. S\u0113\u017eu darba k\u0101rt\u012bba un pie\u0146emtie l\u0113mumi tiek publiskoti. Zem\u0101k \u2014 p\u0113d\u0113j\u0101s publiskot\u0101s s\u0113des.<\/p>\n<h3>2024. gada 13. maijs<\/h3>\n<p><strong>Darba k\u0101rt\u012bb\u0101<\/strong><\/p>\n<ul>\n<li>Simtgades stipendi\u0101ta kandidat\u016bras saska\u0146o\u0161ana.<\/li>\n<li>Ziedojumi Skolas padomes, Uz\u0146\u0113m\u0113ju un Rado\u0161uma balvai.<\/li>\n<\/ul>\n<p><strong>L\u0113mumi<\/strong><\/p>\n<ul>\n<li>Atbalst\u012bt Simtgades stipendijas pie\u0161\u0137ir\u0161anu 12. klases absolventam.<\/li>\n<li>No Skolas padomes ziedojumiem Skolas karoga sv\u0113tkos 31. maij\u0101 izmaks\u0101t Rado\u0161uma, Skolas padomes un Uz\u0146\u0113m\u0113ju balvas naudas pr\u0113miju skol\u0113niem atbilsto\u0161i sp\u0113k\u0101 eso\u0161ajiem balvu nolikumiem.<\/li>\n<li>Rosin\u0101t klases vec\u0101ku sapulces m\u0101c\u012bbu gada s\u0101kum\u0101 sasaukt pirmajos divos m\u0113ne\u0161os, lai var iev\u0113l\u0113t p\u0101rst\u0101vjus Skolas padomei un pirm\u0101 Skolas padome var san\u0101kt pirmaj\u0101 pusgad\u0101.<\/li>\n<\/ul>\n<h3>2024. gada 31. janv\u0101ris<\/h3>\n<p><strong>Darba k\u0101rt\u012bb\u0101<\/strong><\/p>\n<ul>\n<li>Tik\u0161an\u0101s ar pagasta p\u0101rvaldes vad\u012bt\u0101ju Ingu Elmi.<\/li>\n<\/ul>\n<p><strong>L\u0113mumi<\/strong><\/p>\n<ul>\n<li>Uzklaus\u012bt un pie\u0146emt zin\u0101\u0161anai pagasta p\u0101rvaldes vad\u012bt\u0101jas inform\u0101ciju par aktualit\u0101t\u0113m pagast\u0101.<\/li>\n<li>Skolas padomes p\u0101rst\u0101vjiem apmekl\u0113t novada organiz\u0113to vec\u0101ku konferenci 22. febru\u0101r\u012b vai aicin\u0101t to dar\u012bt vismaz vienam klases vec\u0101ku p\u0101rst\u0101vim.<\/li>\n<li>Apr\u012bl\u012b sasaukt skolas padomes s\u0113di.<\/li>\n<\/ul>\n","protected":false},"excerpt":{"rendered":"<p>Skolas padome ir vec\u0101ku, pedagogu un skol\u0113nu p\u0101rst\u0101vju kopa, kas piedal\u0101s skolas darba pl\u0101no\u0161an\u0101 un lemj par jaut\u0101jumiem, kuri skar visu skolas saimi. Skolas padome apstiprina skolas darba priorit\u0101tes m\u0101c\u012bbu gadam, izskata izmai\u0146as v\u0113rt\u0113\u0161anas un \u0113din\u0101\u0161anas k\u0101rt\u012bb\u0101 un iesaka risin\u0101jumus jaut\u0101jumiem, ko izvirza vec\u0101ki. Padome ar\u012b pie\u0161\u0137ir skolas balvas \u2014 Skolas padomes balvu par izciliem [&hellip;]<\/p>\n","protected":false},"author":1,"featured_media":2149,"parent":140,"menu_order":7,"comment_status":"closed","ping_status":"closed","template":"","meta":{"_acf_changed":false,"footnotes":""},"class_list":["post-895","page","type-page","status-publish","has-post-thumbnail","hentry"],"acf":[],"_links":{"self":[{"href":"https:\/\/www.madlienasvidusskola.lv\/madliena\/wp-json\/wp\/v2\/pages\/895","targetHints":{"allow":["GET"]}}],"collection":[{"href":"https:\/\/www.madlienasvidusskola.lv\/madliena\/wp-json\/wp\/v2\/pages"}],"about":[{"href":"https:\/\/www.madlienasvidusskola.lv\/madliena\/wp-json\/wp\/v2\/types\/page"}],"author":[{"embeddable":true,"href":"https:\/\/www.madlienasvidusskola.lv\/madliena\/wp-json\/wp\/v2\/users\/1"}],"replies":[{"embeddable":true,"href":"https:\/\/www.madlienasvidusskola.lv\/madliena\/wp-json\/wp\/v2\/comments?post=895"}],"version-history":[{"count":2,"href":"https:\/\/www.madlienasvidusskola.lv\/madliena\/wp-json\/wp\/v2\/pages\/895\/revisions"}],"predecessor-version":[{"id":2148,"href":"https:\/\/www.madlienasvidusskola.lv\/madliena\/wp-json\/wp\/v2\/pages\/895\/revisions\/2148"}],"up":[{"embeddable":true,"href":"https:\/\/www.madlienasvidusskola.lv\/madliena\/wp-json\/wp\/v2\/pages\/140"}],"wp:featuredmedia":[{"embeddable":true,"href":"https:\/\/www.madlienasvidusskola.lv\/madliena\/wp-json\/wp\/v2\/media\/2149"}],"wp:attachment":[{"href":"https:\/\/www.madlienasvidusskola.lv\/madliena\/wp-json\/wp\/v2\/media?parent=895"}],"curies":[{"name":"wp","href":"https:\/\/api.w.org\/{rel}","templated":true}]}}